{"id":505,"date":"2013-04-10T10:49:48","date_gmt":"2013-04-10T08:49:48","guid":{"rendered":"http:\/\/www.gfo.ch\/wp2016\/?page_id=505"},"modified":"2014-07-02T09:06:15","modified_gmt":"2014-07-02T07:06:15","slug":"grundlagen","status":"publish","type":"page","link":"https:\/\/www.gfo.ch\/fr\/beratungspalette\/gehaltskonzept\/grundlagen\/","title":{"rendered":"Concept global"},"content":{"rendered":"<p>Dans la r\u00e9alisation d\u2019un concept global, le management sera confront\u00e9 aux <strong>attentes ou revendications<\/strong> de diff\u00e9rents groupes d\u2019exigence. Dans la phase de conception des <strong>principes du syst\u00e8me<\/strong>, ces exigences doivent \u00eatre prises en consid\u00e9ration.<\/p>\n<h4>I. Exigences<\/h4>\n<p>Les exigences principales d\u2019un concept global performant sont\u00a0:<\/p>\n<div class=\"su-accordion su-u-trim\"><div class=\"su-spoiler su-spoiler-style-default su-spoiler-icon-plus su-spoiler-closed\" data-scroll-offset=\"0\" data-anchor-in-url=\"no\"><div class=\"su-spoiler-title\" tabindex=\"0\" role=\"button\"><span class=\"su-spoiler-icon\"><\/span>1. Fair Pay \u2013 une r\u00e9mun\u00e9ration \u00e9quitable pour tous les collaborateurs<\/div><div class=\"su-spoiler-content su-u-clearfix su-u-trim\">\n<p>Ind\u00e9pendamment des branches d\u2019activit\u00e9s et de la taille de l\u2019entreprise, les collaborateurs de tous les niveaux s\u2019attendent \u00e0 ce que leur travail soit r\u00e9mun\u00e9r\u00e9 de mani\u00e8re juste et \u00e9quitable. Fondamentalement, ils posent trois exigences \u00e0 la r\u00e9mun\u00e9ration.<\/p>\n<h4>Equit\u00e9 interne de la r\u00e9mun\u00e9ration<\/h4>\n<p>Les comparaisons salariales internes doivent \u00eatre correctes et plausibles. On s\u2019attend \u00e0 ce que le degr\u00e9 de difficult\u00e9 des activit\u00e9s, les prestations individuelles et l\u2019exp\u00e9rience apport\u00e9e soient d\u00e9terminants dans le niveau du salaire.<\/p>\n<h4>Equit\u00e9 li\u00e9e aux r\u00e9sultats de l\u2019entreprise<\/h4>\n<p>Dans la perspective d\u2019une pens\u00e9e et d\u2019une action entrepreneuriale, les collaborateurs exigent de plus en plus de prendre part aux r\u00e9sultats de l\u2019entreprise, tout en sachant qu\u2019un certain risque financier est \u00e9galement li\u00e9.<\/p>\n<h4>Equit\u00e9 externe<\/h4>\n<p>La comparaison avec les salaires de la concurrence est le fondement de la troisi\u00e8me exigence d\u2019une r\u00e9mun\u00e9ration comp\u00e9titive.<\/p>\n<p><img loading=\"lazy\" decoding=\"async\" class=\"alignleft size-thumbnail wp-image-1023\" title=\"equite externe\" alt=\"equite externe\" src=\"http:\/\/www.gfo.ch\/wp2016\/wp-content\/uploads\/2013\/04\/equite-externe-120x79.jpg\" width=\"120\" height=\"79\" srcset=\"https:\/\/gfo.ch\/wp-content\/uploads\/2013\/04\/equite-externe-120x79.jpg 120w, https:\/\/gfo.ch\/wp-content\/uploads\/2013\/04\/equite-externe-494x329.jpg 494w, https:\/\/gfo.ch\/wp-content\/uploads\/2013\/04\/equite-externe-150x99.jpg 150w, https:\/\/gfo.ch\/wp-content\/uploads\/2013\/04\/equite-externe.jpg 800w\" sizes=\"(max-width: 120px) 100vw, 120px\" \/><\/p>\n<p>La politique de r\u00e9mun\u00e9ration d\u2019une entreprise doit prendre en consid\u00e9ration les objectifs d\u2019une r\u00e9mun\u00e9ration aussi juste que possible pour l\u2019ensemble des collaborateurs (-&gt; principe de l\u2019\u00e9quit\u00e9 de distribution). Pour ce faire, il s\u2019agit de prendre en compte non seulement l\u2019\u00e9quit\u00e9 interne (c\u2019est-\u00e0-dire, de consid\u00e9rer <a title=\"Funktionsbewertung\" href=\"http:\/\/www.gfo.ch\/fr\/beratungspalette\/gehaltskonzept\/funktionsbewertung\">la fonction<\/a>, <a title=\"Nutzbare Erfahrung\" href=\"http:\/\/www.gfo.ch\/fr\/beratungspalette\/gehaltskonzept\/nutzbare-erfahrung\">l\u2019exp\u00e9rience utile<\/a> et <a title=\"Leistungsbeurteilung\" href=\"http:\/\/www.gfo.ch\/fr\/beratungspalette\/gehaltskonzept\/leistungsbeurteilung\">les prestations individuelles<\/a>) et l\u2019\u00e9quit\u00e9 externe (li\u00e9e au march\u00e9), mais \u00e9galement une \u00e9ventuelle <a title=\"Erfolgsbeteiligung\" href=\"http:\/\/www.gfo.ch\/fr\/beratungspalette\/gehaltskonzept\/erfolgsbeteiligung\">participation aux r\u00e9sultats.<\/a><\/p>\n<\/div><\/div><div class=\"su-spoiler su-spoiler-style-default su-spoiler-icon-plus su-spoiler-closed\" data-scroll-offset=\"0\" data-anchor-in-url=\"no\"><div class=\"su-spoiler-title\" tabindex=\"0\" role=\"button\"><span class=\"su-spoiler-icon\"><\/span>2. Egalit\u00e9 de traitement<\/div><div class=\"su-spoiler-content su-u-clearfix su-u-trim\">Le principe d\u2019\u00e9galit\u00e9 postule que les diff\u00e9rents collaborateurs ont droit \u00e0 un salaire \u00e9gal pour un travail de valeur \u00e9gale. Ceci n\u2019est vrai que lorsque les apports en termes de <a title=\"Leistungsbeurteilung\" href=\"http:\/\/www.gfo.ch\/fr\/beratungspalette\/gehaltskonzept\/leistungsbeurteilung\">prestations<\/a>, d\u2019<a title=\"Nutzbare Erfahrung\" href=\"http:\/\/www.gfo.ch\/beratungspalette\/gehaltskonzept\/nutzbare-erfahrung\">exp\u00e9rience<\/a> et de <a title=\"Erfolgsbeteiligung\" href=\"http:\/\/www.gfo.ch\/fr\/beratungspalette\/gehaltskonzept\/erfolgsbeteiligung\">r\u00e9sultats<\/a> correspondent \u00e9galement. L\u2019\u00e9galit\u00e9 de traitement ne peut se limiter au contenu des <a title=\"Funktionsbewertung\" href=\"http:\/\/www.gfo.ch\/fr\/beratungspalette\/gehaltskonzept\/funktionsbewertung\">fonctions<\/a>, bien que le r\u00e9sultat de l\u2019\u00e9valuation des fonctions soit une base n\u00e9cessaire pour asseoir les \u00e9l\u00e9ments cons\u00e9quents de l\u2019\u00e9quit\u00e9.<\/div><\/div>\n<div class=\"su-spoiler su-spoiler-style-default su-spoiler-icon-plus su-spoiler-closed\" data-scroll-offset=\"0\" data-anchor-in-url=\"no\"><div class=\"su-spoiler-title\" tabindex=\"0\" role=\"button\"><span class=\"su-spoiler-icon\"><\/span>3. Gestion int\u00e9gr\u00e9e des ressources humaines<\/div><div class=\"su-spoiler-content su-u-clearfix su-u-trim\"><a href=\"http:\/\/www.gfo.ch\/wp2016\/wp-content\/uploads\/2013\/04\/profiuls-de-competences.jpg\" rel=\"lightbox[505]\"><img loading=\"lazy\" decoding=\"async\" class=\"alignleft size-thumbnail wp-image-1024\" title=\"profils de competences\" alt=\"profils de competences\" src=\"http:\/\/www.gfo.ch\/wp2016\/wp-content\/uploads\/2013\/04\/profiuls-de-competences-120x79.jpg\" width=\"120\" height=\"79\" srcset=\"https:\/\/gfo.ch\/wp-content\/uploads\/2013\/04\/profiuls-de-competences-120x79.jpg 120w, https:\/\/gfo.ch\/wp-content\/uploads\/2013\/04\/profiuls-de-competences-494x329.jpg 494w, https:\/\/gfo.ch\/wp-content\/uploads\/2013\/04\/profiuls-de-competences-150x99.jpg 150w, https:\/\/gfo.ch\/wp-content\/uploads\/2013\/04\/profiuls-de-competences.jpg 800w\" sizes=\"(max-width: 120px) 100vw, 120px\" \/><\/a><a title=\"Funktionsbewertung\" href=\"http:\/\/www.gfo.ch\/fr\/beratungspalette\/gehaltskonzept\/funktionsbewertung\">L\u2019\u00e9valuation des fonctions<\/a> (\u00e9valuation de la place de travail) et les principes de la <a title=\"Leistungsbeurteilung\" href=\"http:\/\/www.gfo.ch\/fr\/beratungspalette\/gehaltskonzept\/leistungsbeurteilung\">constatation<\/a> et <a title=\"Leistungsbeurteilung\" href=\"http:\/\/www.gfo.ch\/fr\/beratungspalette\/gehaltskonzept\/leistungsbeurteilung\">l\u2019appr\u00e9ciation des prestations<\/a> jouent un r\u00f4le fondamental dans la r\u00e9mun\u00e9ration. Les informations r\u00e9colt\u00e9es devraient \u00eatre utilis\u00e9es non seulement pour la r\u00e9mun\u00e9ration, mais \u00e9galement pour la gestion des ressources humaines <a title=\"Integriertes Personalmanagement\" href=\"http:\/\/www.gfo.ch\/fr\/beratungspalette\/kompetenzmanagement\/integriertes-personalmanagement\">dans une perspective plus large<\/a>. Les <a title=\"Kompetenzmanagement\" href=\"http:\/\/www.gfo.ch\/fr\/beratungspalette\/kompetenzmanagement\">profils de comp\u00e9tences<\/a> (c-\u00e0-d. les exigences et les sollicitations) d\u00e9finis lors de l\u2019<a title=\"Funktionsbewertung\" href=\"http:\/\/www.gfo.ch\/fr\/beratungspalette\/gehaltskonzept\/funktionsbewertung\">\u00e9valuation des fonctions<\/a> peuvent \u00eatre utilis\u00e9s dans le cadre du recrutement et du d\u00e9veloppement du personnel. Dans cette optique, des m\u00e9thodes et instruments issus de la r\u00e9mun\u00e9ration peuvent \u00eatre adapt\u00e9s efficacement et surtout int\u00e9gr\u00e9s et utilis\u00e9s dans la conduite du personnel.<\/div><\/div>\n<div class=\"su-spoiler su-spoiler-style-default su-spoiler-icon-plus su-spoiler-closed\" data-scroll-offset=\"0\" data-anchor-in-url=\"no\"><div class=\"su-spoiler-title\" tabindex=\"0\" role=\"button\"><span class=\"su-spoiler-icon\"><\/span>4. Des co\u00fbts du personnel calculables<\/div><div class=\"su-spoiler-content su-u-clearfix su-u-trim\">La gestion de la r\u00e9mun\u00e9ration doit imp\u00e9rativement \u00eatre coupl\u00e9e avec la budg\u00e9tisation des frais du personnel. Ceci permet de g\u00e9rer de fa\u00e7on optimale ces co\u00fbts de plus en plus importants pour les entreprises. Des concepts permettant un <a title=\"Personalcontrolling\" href=\"http:\/\/www.gfo.ch\/fr\/beratungspalette\/human-capital-management\/personalcontrolling\">controlling<\/a> efficace sont par cons\u00e9quent n\u00e9cessaires.<\/div><\/div>\n<div class=\"su-spoiler su-spoiler-style-default su-spoiler-icon-plus su-spoiler-closed\" data-scroll-offset=\"0\" data-anchor-in-url=\"no\"><div class=\"su-spoiler-title\" tabindex=\"0\" role=\"button\"><span class=\"su-spoiler-icon\"><\/span>5. Int\u00e9gration et adaptabilit\u00e9<\/div><div class=\"su-spoiler-content su-u-clearfix su-u-trim\">Les applications et utilisations d\u2019instruments de r\u00e9mun\u00e9ration doivent \u00eatre d\u00e9fines de telle sorte que les responsabilit\u00e9s et les comp\u00e9tences des responsables de la ligne, pour la conduite du personnel, soient renforc\u00e9es. En outre, l\u2019actualisation et le d\u00e9veloppement de la gestion de la r\u00e9mun\u00e9ration est g\u00e9r\u00e9e par les sp\u00e9cialistes RH. De la sorte, les exigences fondamentales d\u2019int\u00e9gration et d\u2019adaptabilit\u00e9 d\u2019un concept moderne de r\u00e9mun\u00e9ration peuvent \u00eatre remplies.<\/div><\/div>\n<\/div>\n<h4>II. Principes de conception<\/h4>\n<p>Nous vous aidons \u00e0 d\u00e9velopper et mettre en \u0153uvre avec succ\u00e8s la gestion de votre r\u00e9mun\u00e9ration. Notre concept g\u00e9n\u00e9ral se base sur les principes de conception suivants\u00a0:<\/p>\n<div class=\"su-accordion su-u-trim\">\n<div class=\"su-spoiler su-spoiler-style-default su-spoiler-icon-plus su-spoiler-closed\" data-scroll-offset=\"0\" data-anchor-in-url=\"no\"><div class=\"su-spoiler-title\" tabindex=\"0\" role=\"button\"><span class=\"su-spoiler-icon\"><\/span>1. Principe d\u2019une structure modulaire et principe de la bande salariale<\/div><div class=\"su-spoiler-content su-u-clearfix su-u-trim\"><a href=\"http:\/\/www.gfo.ch\/wp2016\/wp-content\/uploads\/2013\/04\/structure-modulaire.jpg\" rel=\"lightbox[505]\"><img loading=\"lazy\" decoding=\"async\" class=\"alignleft size-thumbnail wp-image-1026\" title=\"structure-modulaire\" alt=\"structure-modulaire\" src=\"http:\/\/www.gfo.ch\/wp2016\/wp-content\/uploads\/2013\/04\/structure-modulaire-120x79.jpg\" width=\"120\" height=\"79\" srcset=\"https:\/\/gfo.ch\/wp-content\/uploads\/2013\/04\/structure-modulaire-120x79.jpg 120w, https:\/\/gfo.ch\/wp-content\/uploads\/2013\/04\/structure-modulaire-494x329.jpg 494w, https:\/\/gfo.ch\/wp-content\/uploads\/2013\/04\/structure-modulaire-150x99.jpg 150w, https:\/\/gfo.ch\/wp-content\/uploads\/2013\/04\/structure-modulaire.jpg 800w\" sizes=\"(max-width: 120px) 100vw, 120px\" \/><\/a>Les trois exigences du concept de Fair Pay &#8211; les \u00e9quit\u00e9s internes, externes et li\u00e9es aux r\u00e9sultats &#8211; sont traduites dans les composantes \u00ab\u00a0salaire individuel\u00a0\u00bb, \u00ab\u00a0<a title=\"Leistungsbeurteilung\" href=\"http:\/\/www.gfo.ch\/fr\/beratungspalette\/gehaltskonzept\/leistungsbeurteilung\">part li\u00e9e aux r\u00e9sultats<\/a>\u00a0\u00bb, \u00ab\u00a0<a title=\"Situative Anteile\" href=\"http:\/\/www.gfo.ch\/fr\/beratungspalette\/gehaltskonzept\/situative-anteile\">parts li\u00e9es \u00e0 la situation<\/a>\u00a0\u00bb. Il en d\u00e9coule un concept de r\u00e9mun\u00e9ration modulaire. Celui-ci laisse une marge de maneuvre pour cr\u00e9er des solutions adapt\u00e9es, et est suffisamment flexible dans la d\u00e9finition concr\u00e8te des trois modules, afin de prendre en compte de mani\u00e8re pertinente les caract\u00e9ristiques et sp\u00e9cificit\u00e9s de l\u2019entreprise.<\/p>\n<p>Le \u201esalaire individuel\u201c peut \u00eatre traduit, selon la fonction et le niveau d\u2019exigence correspondant, dans une <a title=\"Lohnsteuerung\" href=\"http:\/\/www.gfo.ch\/fr\/beratungspalette\/gehaltskonzept\/lohnsteuerung\">bande salariale<\/a>. En r\u00e8gle g\u00e9n\u00e9rale, les bandes salariales des diff\u00e9rents niveaux d\u2019exigences se chevauchent. Une bande salariale pr\u00e9sente une courbe de progression au taux d\u00e9gressif, dans la mesure o\u00f9 l\u2019accroissement de l\u2019exp\u00e9rience en restant dans la m\u00eame bande salariale &#8211; c\u2019est-\u00e0-dire dans le m\u00eame niveau de fonction &#8211; est plus fort au cours des premi\u00e8res ann\u00e9es.<\/p>\n<p><a href=\"http:\/\/www.gfo.ch\/wp2016\/wp-content\/uploads\/2013\/04\/bande-salariale.jpg\" rel=\"lightbox[505]\"><img loading=\"lazy\" decoding=\"async\" class=\"alignleft size-thumbnail wp-image-1027\" title=\"bande salariale\" alt=\"bande salariale\" src=\"http:\/\/www.gfo.ch\/wp2016\/wp-content\/uploads\/2013\/04\/bande-salariale-120x79.jpg\" width=\"120\" height=\"79\" srcset=\"https:\/\/gfo.ch\/wp-content\/uploads\/2013\/04\/bande-salariale-120x79.jpg 120w, https:\/\/gfo.ch\/wp-content\/uploads\/2013\/04\/bande-salariale-494x329.jpg 494w, https:\/\/gfo.ch\/wp-content\/uploads\/2013\/04\/bande-salariale-150x99.jpg 150w, https:\/\/gfo.ch\/wp-content\/uploads\/2013\/04\/bande-salariale.jpg 800w\" sizes=\"(max-width: 120px) 100vw, 120px\" \/><\/a>La r\u00e9tribution des apports individuels en termes de prestations se fait dans les limites de la bande salariale correspondante. Les \u00ab\u00a0bonus\u00a0\u00bb et \u00ab\u00a0parts li\u00e9es \u00e0 la situation\u00a0\u00bb seront li\u00e9s aux r\u00e9sultats concrets, respectivement d\u00e9coulerons de la situation concr\u00e8te, et seront attribu\u00e9s en suppl\u00e9ment.<\/div><\/div>\n<div class=\"su-spoiler su-spoiler-style-default su-spoiler-icon-plus su-spoiler-closed\" data-scroll-offset=\"0\" data-anchor-in-url=\"no\"><div class=\"su-spoiler-title\" tabindex=\"0\" role=\"button\"><span class=\"su-spoiler-icon\"><\/span>2. Principe d\u2019une politique salariale autonome<\/div><div class=\"su-spoiler-content su-u-clearfix su-u-trim\"><a href=\"http:\/\/www.gfo.ch\/wp2016\/wp-content\/uploads\/2013\/04\/salaires-specifique-a-lentreprise.jpg\" rel=\"lightbox[505]\"><img loading=\"lazy\" decoding=\"async\" class=\"alignleft size-thumbnail wp-image-1028\" title=\"salaires sp\u00e9cifique \u00e0 l\u2019entreprise\" alt=\"salaires sp\u00e9cifique \u00e0 l\u2019entreprise\" src=\"http:\/\/www.gfo.ch\/wp2016\/wp-content\/uploads\/2013\/04\/salaires-specifique-a-lentreprise-120x79.jpg\" width=\"120\" height=\"79\" srcset=\"https:\/\/gfo.ch\/wp-content\/uploads\/2013\/04\/salaires-specifique-a-lentreprise-120x79.jpg 120w, https:\/\/gfo.ch\/wp-content\/uploads\/2013\/04\/salaires-specifique-a-lentreprise-494x329.jpg 494w, https:\/\/gfo.ch\/wp-content\/uploads\/2013\/04\/salaires-specifique-a-lentreprise-150x99.jpg 150w, https:\/\/gfo.ch\/wp-content\/uploads\/2013\/04\/salaires-specifique-a-lentreprise.jpg 800w\" sizes=\"(max-width: 120px) 100vw, 120px\" \/><\/a>De la somme des trois dimensions <a title=\"Funktionsbewertung\" href=\"http:\/\/www.gfo.ch\/fr\/beratungspalette\/gehaltskonzept\/funktionsbewertung\">fonction<\/a> (r\u00e9mun\u00e9ration conforme aux exigences), <a title=\"Nutzbare Erfahrung\" href=\"http:\/\/www.gfo.ch\/fr\/beratungspalette\/gehaltskonzept\/nutzbare-erfahrung\">exp\u00e9rience utile<\/a> (r\u00e9mun\u00e9ration conforme \u00e0 l\u2019exp\u00e9rience) et <a title=\"Leistungsbeurteilung\" href=\"http:\/\/www.gfo.ch\/fr\/beratungspalette\/gehaltskonzept\/leistungsbeurteilung\">prestation<\/a> (r\u00e9mun\u00e9ration li\u00e9e aux prestations) r\u00e9sulte le salaire\u00a0; celui-ci \u00e9tant \u00e0 confronter avec le march\u00e9. Par comparaison avec ses propres salaires, par diff\u00e9rentiation ou rapprochement des valeurs courantes du march\u00e9, l\u2019entreprise pourra d\u00e9velopper sa propre \u00e9chelle des salaires. Celle-ci seulement rend possible une <a title=\"Lohnsteuerung\" href=\"http:\/\/www.gfo.ch\/fr\/beratungspalette\/gehaltskonzept\/lohnsteuerung\">politique salariale<\/a> autonome. Une \u00e9chelle des salaires sp\u00e9cifique \u00e0 l\u2019entreprise s\u2018obtient par la juxtaposition des spectres salariaux aux diff\u00e9rents niveaux d\u2019exigences.<\/p>\n<p>La <a title=\"Erfolgsbeteiligung\" href=\"http:\/\/www.gfo.ch\/fr\/beratungspalette\/gehaltskonzept\/erfolgsbeteiligung\">participation aux r\u00e9sultats<\/a> et les <a title=\"Situative Anteile\" href=\"http:\/\/www.gfo.ch\/fr\/beratungspalette\/gehaltskonzept\/situative-anteile\">parts li\u00e9es \u00e0 la situation<\/a> sont \u00e0 d\u00e9finir de surcro\u00eet, au moyen de comparaisons sp\u00e9cifiques avec le march\u00e9.<\/div><\/div>\n<div class=\"su-spoiler su-spoiler-style-default su-spoiler-icon-plus su-spoiler-closed\" data-scroll-offset=\"0\" data-anchor-in-url=\"no\"><div class=\"su-spoiler-title\" tabindex=\"0\" role=\"button\"><span class=\"su-spoiler-icon\"><\/span>3. Principe de la transparence du syst\u00e8me<\/div><div class=\"su-spoiler-content su-u-clearfix su-u-trim\">Ce n\u2019est que par la prise en compte de l\u2019ensemble de ces trois composantes (<a title=\"Funktionsbewertung\" href=\"http:\/\/www.gfo.ch\/fr\/beratungspalette\/gehaltskonzept\/funktionsbewertung\">fonction<\/a>, <a title=\"Nutzbare Erfahrung\" href=\"http:\/\/www.gfo.ch\/fr\/beratungspalette\/gehaltskonzept\/nutzbare-erfahrung\">exp\u00e9rience utile<\/a> et <a title=\"Leistungsbeurteilung\" href=\"http:\/\/www.gfo.ch\/fr\/beratungspalette\/gehaltskonzept\/leistungsbeurteilung\">prestations<\/a>) qu\u2019une r\u00e9ponse satisfaisante peut \u00eatre donn\u00e9e aux collaborateurs en ce qui concerne la d\u00e9termination et l\u2019\u00e9volution de leurs salaires effectifs. Gr\u00e2ce \u00e0 une syst\u00e9matique solide, dont les outils principaux &#8211; tels que la structure des fonctions, les syst\u00e8mes d\u2019appr\u00e9ciation des prestations et de participation aux r\u00e9sultats, les bandes salariales ainsi que les param\u00e8tres de calcul n\u00e9cessaires \u2013 sont accessibles aux collaborateurs, la confiance dans la d\u00e9termination des salaires peut \u00eatre gagn\u00e9e. La transparence du syst\u00e8me exige d\u2019une part que les cadres puissent expliquer aux collaborateurs de mani\u00e8re compr\u00e9hensible et plausible l\u2019\u00e9tablissement de leurs salaires individuels et d\u2019autre part elle garantit que tous les collaborateurs soient trait\u00e9s selon les m\u00eames r\u00e8gles. De la sorte, les exigences sont atteintes pour que la r\u00e9mun\u00e9ration soit ressentie comme juste et \u00e9quitable.<\/div><\/div>\n<div class=\"su-spoiler su-spoiler-style-default su-spoiler-icon-plus su-spoiler-closed\" data-scroll-offset=\"0\" data-anchor-in-url=\"no\"><div class=\"su-spoiler-title\" tabindex=\"0\" role=\"button\"><span class=\"su-spoiler-icon\"><\/span>4. Principe d\u2019une r\u00e9mun\u00e9ration \u00e9quitable bas\u00e9e sur les exigences, resp. les comp\u00e9tences<\/div><div class=\"su-spoiler-content su-u-clearfix su-u-trim\">Lors de la r\u00e9alisation d\u2019<a title=\"Integriertes Personalmanagement\" href=\"http:\/\/www.gfo.ch\/fr\/beratungspalette\/kompetenzmanagement\/integriertes-personalmanagement\">un syst\u00e8me de gestion int\u00e9gr\u00e9 du personnel<\/a> r\u00e9pondant aux exigences d\u2019\u00e9quit\u00e9, des profils d\u2019exigences bas\u00e9s sur les comp\u00e9tences doivent \u00eatre g\u00e9n\u00e9r\u00e9s. Afin de prendre en compte les exigences actuelles de l\u2019\u00e9conomie et de la soci\u00e9t\u00e9, l<a title=\"Kompetenzmodell\" href=\"http:\/\/www.gfo.ch\/fr\/beratungspalette\/kompetenzmanagement\/kompetenzmodell\">es comp\u00e9tences<\/a> suivantes sont au premier plan\u00a0:<\/p>\n<ul>\n<li>La soci\u00e9t\u00e9 du savoir actuelle exige de vastes comp\u00e9tences professionnelles<\/li>\n<li>Les attentes en ce qui concerne sa propre prise en charge exige des comp\u00e9tences personnelles<\/li>\n<li>La r\u00e9ussite dans la soci\u00e9t\u00e9 actuelle d\u2019information et de communication s\u2019appuie sur les comp\u00e9tences sociales<\/li>\n<li>Le besoin des entreprises en termes de leadership et d\u2019entreprenariat pour les cadres implique des comp\u00e9tences de conduite<\/li>\n<\/ul>\n<\/div><\/div>\n<div class=\"su-spoiler su-spoiler-style-default su-spoiler-icon-plus su-spoiler-closed\" data-scroll-offset=\"0\" data-anchor-in-url=\"no\"><div class=\"su-spoiler-title\" tabindex=\"0\" role=\"button\"><span class=\"su-spoiler-icon\"><\/span>5. Principe de l\u2019exp\u00e9rience utile<\/div><div class=\"su-spoiler-content su-u-clearfix su-u-trim\">L\u2019exp\u00e9rience individuelle, ainsi que l\u2019acquisition d\u2019exp\u00e9rience par la pratique d\u2019une fonction donn\u00e9e sont \u00e9galement prises en consid\u00e9ration lors de la d\u00e9termination des salaires. <a title=\"Nutzbare Erfahrung\" href=\"http:\/\/www.gfo.ch\/fr\/beratungspalette\/gehaltskonzept\/nutzbare-erfahrung\">L\u2019exp\u00e9rience utile<\/a> pour l\u2019exercice de la fonction est d\u00e9terminante. Lors de l\u2019engagement ou d\u2019un changement de fonction, l\u2019utilt\u00e9 de l\u2019exp\u00e9rience &#8211; au regard de la fonction concern\u00e9e &#8211; est examin\u00e9e. L\u2019exp\u00e9rience utile professionnelles et extra-professionnelle est prise en consid\u00e9ration. Celle-ci est convertie en \u00ab\u00a0ann\u00e9es dans la fonction\u00a0\u00bb, r\u00e9duites des ann\u00e9es de pratique minimale exig\u00e9es.<\/div><\/div>\n<div class=\"su-spoiler su-spoiler-style-default su-spoiler-icon-plus su-spoiler-closed\" data-scroll-offset=\"0\" data-anchor-in-url=\"no\"><div class=\"su-spoiler-title\" tabindex=\"0\" role=\"button\"><span class=\"su-spoiler-icon\"><\/span>6. Principe d\u2019une r\u00e9mun\u00e9ration li\u00e9es aux prestations<\/div><div class=\"su-spoiler-content su-u-clearfix su-u-trim\">\n<p><a title=\"Leistungsbeurteilung\" href=\"http:\/\/www.gfo.ch\/fr\/beratungspalette\/gehaltskonzept\/leistungsbeurteilung\">L\u2019appr\u00e9ciation des apports<\/a> d\u2019un collaborateur et ses implications sur le salaire se fait pour l\u2019ensemble des collaborateurs selon des principes identiques. La r\u00e9alisation des attentes li\u00e9es au niveau de comp\u00e9tence d\u00e9fini pour la fonction, ainsi que les objectifs atteints seront d\u00e9terminants.<\/p>\n<p>L\u2019appr\u00e9ciation des comp\u00e9tences et de l\u2019atteinte des objectifs est r\u00e9alis\u00e9e par le sup\u00e9rieur hi\u00e9rarchique, en r\u00e8gle g\u00e9n\u00e9rale une fois par ann\u00e9e, lors d\u2019un entretien individuel. Les \u00e9carts identifi\u00e9s \u2013 attentes non remplies ou d\u00e9pass\u00e9es \u2013 doivent impliquer des mesures ad\u00e9quates.<\/p>\n<p>Le lien entre l\u2019appr\u00e9ciation des prestations et la r\u00e9mun\u00e9ration est parfois controvers\u00e9. Si l\u2019identification d\u2019apports diff\u00e9rents en termes de prestations est possible, le syst\u00e8me ne devrait rendre d\u2019embl\u00e9e impossible une diff\u00e9renciation entre les salaires. Si une diff\u00e9renciation significative entre les prestations individuelles n\u2019est gu\u00e8re possible, on prendra en consid\u00e9ration une \u00ab\u00a0prestation normalis\u00e9e\u00a0\u00bb.<\/div><\/div>\n<div class=\"su-spoiler su-spoiler-style-default su-spoiler-icon-plus su-spoiler-closed\" data-scroll-offset=\"0\" data-anchor-in-url=\"no\"><div class=\"su-spoiler-title\" tabindex=\"0\" role=\"button\"><span class=\"su-spoiler-icon\"><\/span>7. Principe d\u2019un pilotage mod\u00e9r\u00e9 des salaires<\/div><div class=\"su-spoiler-content su-u-clearfix su-u-trim\">\n<p>Dans le cadre des moyens financiers disponibles d\u2019une part, et d\u2019autre part en tenant compte de la position dans la bande salariale, de l\u2019exp\u00e9rience utile et des prestations individuelles, les salaires sont <a title=\"Lohnsteuerung\" href=\"http:\/\/www.gfo.ch\/fr\/beratungspalette\/gehaltskonzept\/lohnsteuerung\">pilot\u00e9s avec mod\u00e9ration.<\/a><\/p>\n<p>Ceci signifie que le salaire individuel est adapt\u00e9 graduellement en direction du salaire correspondant \u00e0 l\u2019exp\u00e9rience utile et au r\u00e9sultat de l\u2019appr\u00e9ciation des prestations. L\u2019ampleur de cette adaptation d\u00e9pend des moyens financiers disponibles. L\u2019\u00e9volution concr\u00e8te du salaire est calcul\u00e9e, chaque ann\u00e9e, au moyen d\u2019une matrice.<\/p>\n<p>Lorsque l\u2019appr\u00e9ciation des prestations n\u2019est pas possible, ou lorsqu\u2019une organisation ne souhaite pas faire de diff\u00e9renciations li\u00e9es aux prestations, le pilotage peut \u00eatre d\u00e9fini en direction d\u2019une \u00ab\u00a0progression normale\u00a0\u00bb.<\/div><\/div>\n<div class=\"su-spoiler su-spoiler-style-default su-spoiler-icon-plus su-spoiler-closed\" data-scroll-offset=\"0\" data-anchor-in-url=\"no\"><div class=\"su-spoiler-title\" tabindex=\"0\" role=\"button\"><span class=\"su-spoiler-icon\"><\/span>8. Principe de participation aux r\u00e9sultats<\/div><div class=\"su-spoiler-content su-u-clearfix su-u-trim\">\n<p>La responsabilit\u00e9 dans les r\u00e9sultats de l\u2019entreprise implique une <a title=\"Erfolgsbeteiligung\" href=\"http:\/\/www.gfo.ch\/fr\/beratungspalette\/gehaltskonzept\/erfolgsbeteiligung\">participation<\/a> correspondante. Dans le cadre d\u2019une influence contr\u00f4lable sur les r\u00e9sultats, une participation ad\u00e9quate aux risques et chances doit \u00eatre possible.<\/p>\n<p>Cette participation n\u2019a de sens que si les r\u00e9sultats concern\u00e9s (sous la forme de valeur ajout\u00e9e ou d\u2019\u00e9conomie) peuvent \u00eatre r\u00e9alis\u00e9s.<\/div><\/div>\n<div class=\"su-spoiler su-spoiler-style-default su-spoiler-icon-plus su-spoiler-closed\" data-scroll-offset=\"0\" data-anchor-in-url=\"no\"><div class=\"su-spoiler-title\" tabindex=\"0\" role=\"button\"><span class=\"su-spoiler-icon\"><\/span>9. Principe d\u2019une capacit\u00e9 de r\u00e9action rapide<\/div><div class=\"su-spoiler-content su-u-clearfix su-u-trim\">Afin de pouvoir r\u00e9agir rapidement et facilement aux \u00e9v\u00e9nements sp\u00e9ciaux, ou d\u2019amoindrir les influences du march\u00e9, des instruments sp\u00e9cifiques permettant de <a title=\"Situative Anteile\" href=\"http:\/\/www.gfo.ch\/fr\/beratungspalette\/gehaltskonzept\/situative-anteile\">g\u00e9rer ces situations<\/a> sont d\u00e9finis.<\/div><\/div>\n<\/div><\/p>","protected":false},"excerpt":{"rendered":"<p>Dans la r\u00e9alisation d\u2019un concept global, le management sera confront\u00e9 aux attentes ou revendications de diff\u00e9rents groupes d\u2019exigence. Dans la phase de conception des principes du syst\u00e8me, ces exigences doivent \u00eatre prises en consid\u00e9ration. I. Exigences Les exigences principales d\u2019un &hellip; <a class=\"mehr\">&rarr; mehr<\/a><\/p>\n","protected":false},"author":3,"featured_media":176,"parent":29,"menu_order":0,"comment_status":"open","ping_status":"open","template":"","meta":{"footnotes":""},"tags":[],"acf":[],"_links":{"self":[{"href":"https:\/\/www.gfo.ch\/fr\/wp-json\/wp\/v2\/pages\/505"}],"collection":[{"href":"https:\/\/www.gfo.ch\/fr\/wp-json\/wp\/v2\/pages"}],"about":[{"href":"https:\/\/www.gfo.ch\/fr\/wp-json\/wp\/v2\/types\/page"}],"author":[{"embeddable":true,"href":"https:\/\/www.gfo.ch\/fr\/wp-json\/wp\/v2\/users\/3"}],"replies":[{"embeddable":true,"href":"https:\/\/www.gfo.ch\/fr\/wp-json\/wp\/v2\/comments?post=505"}],"version-history":[{"count":35,"href":"https:\/\/www.gfo.ch\/fr\/wp-json\/wp\/v2\/pages\/505\/revisions"}],"predecessor-version":[{"id":1317,"href":"https:\/\/www.gfo.ch\/fr\/wp-json\/wp\/v2\/pages\/505\/revisions\/1317"}],"up":[{"embeddable":true,"href":"https:\/\/www.gfo.ch\/fr\/wp-json\/wp\/v2\/pages\/29"}],"wp:featuredmedia":[{"embeddable":true,"href":"https:\/\/www.gfo.ch\/fr\/wp-json\/wp\/v2\/media\/176"}],"wp:attachment":[{"href":"https:\/\/www.gfo.ch\/fr\/wp-json\/wp\/v2\/media?parent=505"}],"wp:term":[{"taxonomy":"post_tag","embeddable":true,"href":"https:\/\/www.gfo.ch\/fr\/wp-json\/wp\/v2\/tags?post=505"}],"curies":[{"name":"wp","href":"https:\/\/api.w.org\/{rel}","templated":true}]}}