{"id":93,"date":"2013-02-26T13:39:44","date_gmt":"2013-02-26T12:39:44","guid":{"rendered":"http:\/\/www.gfo.ch\/wp2016\/?page_id=93"},"modified":"2018-08-28T13:14:21","modified_gmt":"2018-08-28T11:14:21","slug":"andre-baer","status":"publish","type":"page","link":"https:\/\/www.gfo.ch\/fr\/uber-uns\/team\/beratung\/andre-baer\/","title":{"rendered":"Andr\u00e9 Baer"},"content":{"rendered":"<h2>Conseil<\/h2>\n<p><img loading=\"lazy\" decoding=\"async\" src=\"http:\/\/www.gfo.ch\/wp2016\/wp-content\/uploads\/2013\/02\/andre-baer.jpg\" alt=\"andre-baer\" width=\"300\" height=\"200\" \/><\/p>\n<h3>ANDR\u00c9 BAER,<br \/>\nSp\u00e9cialiste en communication<\/h3>\n<h4>Formation<\/h4>\n<ul>\n<li>Ing\u00e9nieur dipl\u00f4m\u00e9 ETS<\/li>\n<li>Formation en p\u00e9dagogie du th\u00e9\u00e2tre, mise en sc\u00e8ne et d\u00e9veloppement personnel \u00e0 Paris<\/li>\n<li>Formation continue \u00e0 l\u2019Universit\u00e9 de New York (NYU), en communication, gestion de conflits et conduite du personnel<\/li>\n<\/ul>\n<h4>Parcours professionnel<\/h4>\n<ul>\n<li>Fondation et direction d\u2019un centre culturel dans les Vosges<\/li>\n<li>Directeur de s\u00e9minaires pour l\u2019institut BWI de l\u2019Ecole Polytechnique F\u00e9d\u00e9rale de Zurich depuis 1990<\/li>\n<li>Consultant et formateur ind\u00e9pendant pour la soci\u00e9t\u00e9 GFO depuis 1993<\/li>\n<\/ul>\n<div class=\"blauerkasten\">\n<h4>Domaines d\u2019expertise<\/h4>\n<ul>\n<li>Formation (en allemand et fran\u00e7ais) dans les domaines de la conduite du personnel, de la conduite de n\u00e9gociations, de l\u2019entretien annuel, du team-building, de la gestion du changement et des techniques de pr\u00e9sentation pour l\u2019institut BWI de l\u2019Ecole Polytechnique F\u00e9d\u00e9rale de Zurich<\/li>\n<li>Conseil en gestion de la r\u00e9mun\u00e9ration, la formation sur les syst\u00e8mes de r\u00e9mun\u00e9ration et les entretiens d\u2019appr\u00e9ciation en particulier, pour la soci\u00e9t\u00e9 GFO<\/li>\n<\/ul>\n<\/div>\n<h4>Engagements<\/h4>\n<ul>\n<li>Depuis 1987, professeur invit\u00e9 \u00e0 l\u2019Universit\u00e9 de New York (NYU), dans le domaine du d\u00e9veloppement personnel depuis 1988<\/li>\n<li>Charg\u00e9 de cours en gestion d\u2019entreprise \u00e0 la Haute Ecole Sp\u00e9cialis\u00e9e de Berne (NDS), depuis 1989<\/li>\n<li>Charg\u00e9 de cours dans diff\u00e9rentes universit\u00e9s, hautes \u00e9coles sp\u00e9cialis\u00e9es et instituts de formation<\/li>\n<\/ul>\n<h4>Contact<\/h4>\n<p><a href=\"mailto:andrebaer@hispeed.ch\">E-Mail<\/a><br \/>\nT\u00e9l. 044 365 99 00","protected":false},"excerpt":{"rendered":"<p>Conseil ANDR\u00c9 BAER, Sp\u00e9cialiste en communication Formation Ing\u00e9nieur dipl\u00f4m\u00e9 ETS Formation en p\u00e9dagogie du th\u00e9\u00e2tre, mise en sc\u00e8ne et d\u00e9veloppement personnel \u00e0 Paris Formation continue \u00e0 l\u2019Universit\u00e9 de New York (NYU), en communication, gestion de conflits et conduite du personnel &hellip; <a class=\"mehr\">&rarr; mehr<\/a><\/p>\n","protected":false},"author":3,"featured_media":170,"parent":85,"menu_order":0,"comment_status":"open","ping_status":"open","template":"page-no-title.php","meta":{"footnotes":""},"tags":[],"acf":[],"_links":{"self":[{"href":"https:\/\/www.gfo.ch\/fr\/wp-json\/wp\/v2\/pages\/93"}],"collection":[{"href":"https:\/\/www.gfo.ch\/fr\/wp-json\/wp\/v2\/pages"}],"about":[{"href":"https:\/\/www.gfo.ch\/fr\/wp-json\/wp\/v2\/types\/page"}],"author":[{"embeddable":true,"href":"https:\/\/www.gfo.ch\/fr\/wp-json\/wp\/v2\/users\/3"}],"replies":[{"embeddable":true,"href":"https:\/\/www.gfo.ch\/fr\/wp-json\/wp\/v2\/comments?post=93"}],"version-history":[{"count":12,"href":"https:\/\/www.gfo.ch\/fr\/wp-json\/wp\/v2\/pages\/93\/revisions"}],"predecessor-version":[{"id":1715,"href":"https:\/\/www.gfo.ch\/fr\/wp-json\/wp\/v2\/pages\/93\/revisions\/1715"}],"up":[{"embeddable":true,"href":"https:\/\/www.gfo.ch\/fr\/wp-json\/wp\/v2\/pages\/85"}],"wp:featuredmedia":[{"embeddable":true,"href":"https:\/\/www.gfo.ch\/fr\/wp-json\/wp\/v2\/media\/170"}],"wp:attachment":[{"href":"https:\/\/www.gfo.ch\/fr\/wp-json\/wp\/v2\/media?parent=93"}],"wp:term":[{"taxonomy":"post_tag","embeddable":true,"href":"https:\/\/www.gfo.ch\/fr\/wp-json\/wp\/v2\/tags?post=93"}],"curies":[{"name":"wp","href":"https:\/\/api.w.org\/{rel}","templated":true}]}}